{"id":582,"date":"2026-03-30T11:26:42","date_gmt":"2026-03-30T09:26:42","guid":{"rendered":"https:\/\/forogaliciaevalleinclan.com\/carrino\/"},"modified":"2026-04-07T11:30:44","modified_gmt":"2026-04-07T09:30:44","slug":"carrito-pequeno","status":"publish","type":"page","link":"https:\/\/forogaliciaevalleinclan.com\/es\/carrino\/","title":{"rendered":"Carrito peque\u00f1o"},"content":{"rendered":"<div data-elementor-type=\"wp-page\" data-elementor-id=\"582\" class=\"elementor elementor-582\" data-elementor-post-type=\"page\">\n\t\t\t\t<div class=\"elementor-element elementor-element-5b21ac39 e-flex e-con-boxed e-con e-parent\" data-id=\"5b21ac39\" data-element_type=\"container\" data-e-type=\"container\">\n\t\t\t\t\t<div class=\"e-con-inner\">\n\t\t\t\t\t<\/div>\n\t\t\t\t<\/div>\n\t\t\t\t<\/div>","protected":false},"excerpt":{"rendered":"<p>Eliminar artigo Imaxe en miniatura Produto Prezo Unidades Subtotal &times; La Espa\u00f1a Tradicional 14,00&nbsp;&euro; La Espa\u00f1a Tradicional cantidade 28,00&nbsp;&euro; Actualizar o carri\u00f1o Totales do carri\u00f1o Subtotal 28,00&nbsp;&euro; Shipment Env\u00edo gratu\u00edto Env\u00edo a A Coru\u00f1a. Cambiar enderezo Pa\u00eds\/rexi\u00f3n Selecciona un pa\u00eds\/rexi\u00f3n&hellip;Espa\u00f1a Provincia Escolle unha opci\u00f3n&hellip;A Coru\u00f1aArabaAlbaceteAlicanteAlmer\u00edaAsturias\u00c1vilaBadajozBalearesBarcelonaBurgosC\u00e1ceresC\u00e1dizCantabriaCastell\u00f3CeutaCiudad RealC\u00f3rdobaCuencaGironaGranadaGuadalajaraGipuzkoaHuelvaHuescaXa\u00e9nA RioxaLas PalmasLe\u00f3nLleidaLugoMadridM\u00e1lagaMelillaMurciaNavarraOurensePalenciaPontevedraSalamancaSanta Cruz de TenerifeSegoviaSevillaSoriaTarragonaTeruelToledoValenciaValladolidBiscayZamoraZaragoza Cidade: C\u00f3digo postal: Actualizar [&hellip;]<\/p>\n","protected":false},"author":3,"featured_media":0,"parent":0,"menu_order":0,"comment_status":"closed","ping_status":"closed","template":"","meta":{"footnotes":""},"class_list":["post-582","page","type-page","status-publish","hentry"],"yoast_head":"<!-- This site is optimized with the Yoast SEO plugin v27.3 - https:\/\/yoast.com\/product\/yoast-seo-wordpress\/ -->\n<title>Carri\u00f1o - Foro Galicia e Valle-Incl\u00e1n<\/title>\n<meta name=\"robots\" content=\"index, follow, max-snippet:-1, max-image-preview:large, max-video-preview:-1\" \/>\n<link rel=\"canonical\" href=\"https:\/\/forogaliciaevalleinclan.com\/es\/carrito-pequeno\/\" \/>\n<meta property=\"og:locale\" content=\"es_ES\" \/>\n<meta property=\"og:type\" content=\"article\" \/>\n<meta property=\"og:title\" content=\"Carri\u00f1o - Foro Galicia e Valle-Incl\u00e1n\" \/>\n<meta property=\"og:description\" content=\"Eliminar artigo Imaxe en miniatura Produto Prezo Unidades Subtotal &times; La Espa\u00f1a Tradicional 14,00&nbsp;&euro; La Espa\u00f1a Tradicional cantidade 28,00&nbsp;&euro; Actualizar o carri\u00f1o Totales do carri\u00f1o Subtotal 28,00&nbsp;&euro; Shipment Env\u00edo gratu\u00edto Env\u00edo a A Coru\u00f1a. Cambiar enderezo Pa\u00eds\/rexi\u00f3n Selecciona un pa\u00eds\/rexi\u00f3n&hellip;Espa\u00f1a Provincia Escolle unha opci\u00f3n&hellip;A Coru\u00f1aArabaAlbaceteAlicanteAlmer\u00edaAsturias\u00c1vilaBadajozBalearesBarcelonaBurgosC\u00e1ceresC\u00e1dizCantabriaCastell\u00f3CeutaCiudad RealC\u00f3rdobaCuencaGironaGranadaGuadalajaraGipuzkoaHuelvaHuescaXa\u00e9nA RioxaLas PalmasLe\u00f3nLleidaLugoMadridM\u00e1lagaMelillaMurciaNavarraOurensePalenciaPontevedraSalamancaSanta Cruz de TenerifeSegoviaSevillaSoriaTarragonaTeruelToledoValenciaValladolidBiscayZamoraZaragoza Cidade: C\u00f3digo postal: Actualizar [&hellip;]\" \/>\n<meta property=\"og:url\" content=\"https:\/\/forogaliciaevalleinclan.com\/es\/carrito-pequeno\/\" \/>\n<meta property=\"og:site_name\" content=\"Foro Galicia e Valle-Incl\u00e1n\" \/>\n<meta property=\"article:modified_time\" content=\"2026-04-07T09:30:44+00:00\" \/>\n<meta property=\"og:image\" content=\"https:\/\/forogaliciaevalleinclan.com\/wp-content\/uploads\/2026\/03\/la-espana-tradicional.jpg\" \/>\n<meta name=\"twitter:card\" content=\"summary_large_image\" \/>\n<meta name=\"twitter:label1\" content=\"Tiempo de lectura\" \/>\n\t<meta name=\"twitter:data1\" content=\"1 minuto\" \/>\n<script type=\"application\/ld+json\" class=\"yoast-schema-graph\">{\"@context\":\"https:\\\/\\\/schema.org\",\"@graph\":[{\"@type\":\"WebPage\",\"@id\":\"https:\\\/\\\/forogaliciaevalleinclan.com\\\/carrino\\\/\",\"url\":\"https:\\\/\\\/forogaliciaevalleinclan.com\\\/carrino\\\/\",\"name\":\"Carri\u00f1o - Foro Galicia e Valle-Incl\u00e1n\",\"isPartOf\":{\"@id\":\"https:\\\/\\\/forogaliciaevalleinclan.com\\\/#website\"},\"primaryImageOfPage\":{\"@id\":\"https:\\\/\\\/forogaliciaevalleinclan.com\\\/carrino\\\/#primaryimage\"},\"image\":{\"@id\":\"https:\\\/\\\/forogaliciaevalleinclan.com\\\/carrino\\\/#primaryimage\"},\"thumbnailUrl\":\"https:\\\/\\\/forogaliciaevalleinclan.com\\\/wp-content\\\/uploads\\\/2026\\\/03\\\/la-espana-tradicional.jpg\",\"datePublished\":\"2026-03-30T09:26:42+00:00\",\"dateModified\":\"2026-04-07T09:30:44+00:00\",\"breadcrumb\":{\"@id\":\"https:\\\/\\\/forogaliciaevalleinclan.com\\\/carrino\\\/#breadcrumb\"},\"inLanguage\":\"es\",\"potentialAction\":[{\"@type\":\"ReadAction\",\"target\":[\"https:\\\/\\\/forogaliciaevalleinclan.com\\\/carrino\\\/\"]}]},{\"@type\":\"ImageObject\",\"inLanguage\":\"es\",\"@id\":\"https:\\\/\\\/forogaliciaevalleinclan.com\\\/carrino\\\/#primaryimage\",\"url\":\"https:\\\/\\\/forogaliciaevalleinclan.com\\\/wp-content\\\/uploads\\\/2026\\\/03\\\/la-espana-tradicional.jpg\",\"contentUrl\":\"https:\\\/\\\/forogaliciaevalleinclan.com\\\/wp-content\\\/uploads\\\/2026\\\/03\\\/la-espana-tradicional.jpg\"},{\"@type\":\"BreadcrumbList\",\"@id\":\"https:\\\/\\\/forogaliciaevalleinclan.com\\\/carrino\\\/#breadcrumb\",\"itemListElement\":[{\"@type\":\"ListItem\",\"position\":1,\"name\":\"Inicio\",\"item\":\"https:\\\/\\\/forogaliciaevalleinclan.com\\\/\"},{\"@type\":\"ListItem\",\"position\":2,\"name\":\"Carri\u00f1o\"}]},{\"@type\":\"WebSite\",\"@id\":\"https:\\\/\\\/forogaliciaevalleinclan.com\\\/#website\",\"url\":\"https:\\\/\\\/forogaliciaevalleinclan.com\\\/\",\"name\":\"Foro Galicia e Valle-Incl\u00e1n\",\"description\":\"Promover a democratizaci\u00f3n do co\u00f1ecemento p\u00fablico sobre a biograf\u00eda, a xenialidade e a obra literaria do escritor Ram\u00f3n del Valle-Incl\u00e1n\",\"publisher\":{\"@id\":\"https:\\\/\\\/forogaliciaevalleinclan.com\\\/#organization\"},\"alternateName\":\"Foro Galicia e Valle-Incl\u00e1n\",\"potentialAction\":[{\"@type\":\"SearchAction\",\"target\":{\"@type\":\"EntryPoint\",\"urlTemplate\":\"https:\\\/\\\/forogaliciaevalleinclan.com\\\/?s={search_term_string}\"},\"query-input\":{\"@type\":\"PropertyValueSpecification\",\"valueRequired\":true,\"valueName\":\"search_term_string\"}}],\"inLanguage\":\"es\"},{\"@type\":\"Organization\",\"@id\":\"https:\\\/\\\/forogaliciaevalleinclan.com\\\/#organization\",\"name\":\"Foro Galicia e Valle-Incl\u00e1n\",\"alternateName\":\"Foro Galicia e Valle-Incl\u00e1n\",\"url\":\"https:\\\/\\\/forogaliciaevalleinclan.com\\\/\",\"logo\":{\"@type\":\"ImageObject\",\"inLanguage\":\"es\",\"@id\":\"https:\\\/\\\/forogaliciaevalleinclan.com\\\/#\\\/schema\\\/logo\\\/image\\\/\",\"url\":\"https:\\\/\\\/forogaliciaevalleinclan.com\\\/wp-content\\\/uploads\\\/2026\\\/03\\\/logo-foro-galicia-e-valle-inclan.png\",\"contentUrl\":\"https:\\\/\\\/forogaliciaevalleinclan.com\\\/wp-content\\\/uploads\\\/2026\\\/03\\\/logo-foro-galicia-e-valle-inclan.png\",\"width\":810,\"height\":570,\"caption\":\"Foro Galicia e Valle-Incl\u00e1n\"},\"image\":{\"@id\":\"https:\\\/\\\/forogaliciaevalleinclan.com\\\/#\\\/schema\\\/logo\\\/image\\\/\"}}]}<\/script>\n<!-- \/ Yoast SEO plugin. -->","yoast_head_json":{"title":"Carri\u00f1o - Foro de Galicia y Valle-Incl\u00e1n","robots":{"index":"index","follow":"follow","max-snippet":"max-snippet:-1","max-image-preview":"max-image-preview:large","max-video-preview":"max-video-preview:-1"},"canonical":"https:\/\/forogaliciaevalleinclan.com\/es\/carrito-pequeno\/","og_locale":"es_ES","og_type":"article","og_title":"Carri\u00f1o - Foro Galicia e Valle-Incl\u00e1n","og_description":"Eliminar artigo Imaxe en miniatura Produto Prezo Unidades Subtotal &times; La Espa\u00f1a Tradicional 14,00&nbsp;&euro; La Espa\u00f1a Tradicional cantidade 28,00&nbsp;&euro; Actualizar o carri\u00f1o Totales do carri\u00f1o Subtotal 28,00&nbsp;&euro; Shipment Env\u00edo gratu\u00edto Env\u00edo a A Coru\u00f1a. Cambiar enderezo Pa\u00eds\/rexi\u00f3n Selecciona un pa\u00eds\/rexi\u00f3n&hellip;Espa\u00f1a Provincia Escolle unha opci\u00f3n&hellip;A Coru\u00f1aArabaAlbaceteAlicanteAlmer\u00edaAsturias\u00c1vilaBadajozBalearesBarcelonaBurgosC\u00e1ceresC\u00e1dizCantabriaCastell\u00f3CeutaCiudad RealC\u00f3rdobaCuencaGironaGranadaGuadalajaraGipuzkoaHuelvaHuescaXa\u00e9nA RioxaLas PalmasLe\u00f3nLleidaLugoMadridM\u00e1lagaMelillaMurciaNavarraOurensePalenciaPontevedraSalamancaSanta Cruz de TenerifeSegoviaSevillaSoriaTarragonaTeruelToledoValenciaValladolidBiscayZamoraZaragoza Cidade: C\u00f3digo postal: Actualizar [&hellip;]","og_url":"https:\/\/forogaliciaevalleinclan.com\/es\/carrito-pequeno\/","og_site_name":"Foro Galicia e Valle-Incl\u00e1n","article_modified_time":"2026-04-07T09:30:44+00:00","og_image":[{"url":"https:\/\/forogaliciaevalleinclan.com\/wp-content\/uploads\/2026\/03\/la-espana-tradicional.jpg","type":"","width":"","height":""}],"twitter_card":"summary_large_image","twitter_misc":{"Tiempo de lectura":"1 minuto"},"schema":{"@context":"https:\/\/schema.org","@graph":[{"@type":"WebPage","@id":"https:\/\/forogaliciaevalleinclan.com\/carrino\/","url":"https:\/\/forogaliciaevalleinclan.com\/carrino\/","name":"Carri\u00f1o - Foro de Galicia y Valle-Incl\u00e1n","isPartOf":{"@id":"https:\/\/forogaliciaevalleinclan.com\/#website"},"primaryImageOfPage":{"@id":"https:\/\/forogaliciaevalleinclan.com\/carrino\/#primaryimage"},"image":{"@id":"https:\/\/forogaliciaevalleinclan.com\/carrino\/#primaryimage"},"thumbnailUrl":"https:\/\/forogaliciaevalleinclan.com\/wp-content\/uploads\/2026\/03\/la-espana-tradicional.jpg","datePublished":"2026-03-30T09:26:42+00:00","dateModified":"2026-04-07T09:30:44+00:00","breadcrumb":{"@id":"https:\/\/forogaliciaevalleinclan.com\/carrino\/#breadcrumb"},"inLanguage":"es","potentialAction":[{"@type":"ReadAction","target":["https:\/\/forogaliciaevalleinclan.com\/carrino\/"]}]},{"@type":"ImageObject","inLanguage":"es","@id":"https:\/\/forogaliciaevalleinclan.com\/carrino\/#primaryimage","url":"https:\/\/forogaliciaevalleinclan.com\/wp-content\/uploads\/2026\/03\/la-espana-tradicional.jpg","contentUrl":"https:\/\/forogaliciaevalleinclan.com\/wp-content\/uploads\/2026\/03\/la-espana-tradicional.jpg"},{"@type":"BreadcrumbList","@id":"https:\/\/forogaliciaevalleinclan.com\/carrino\/#breadcrumb","itemListElement":[{"@type":"ListItem","position":1,"name":"Inicio","item":"https:\/\/forogaliciaevalleinclan.com\/"},{"@type":"ListItem","position":2,"name":"Carri\u00f1o"}]},{"@type":"WebSite","@id":"https:\/\/forogaliciaevalleinclan.com\/#website","url":"https:\/\/forogaliciaevalleinclan.com\/","name":"Foro Galicia e Valle-Incl\u00e1n","description":"Promover la democratizaci\u00f3n del conocimiento p\u00fablico sobre la biograf\u00eda, el genio y la obra literaria del escritor Ram\u00f3n del Valle-Incl\u00e1n.","publisher":{"@id":"https:\/\/forogaliciaevalleinclan.com\/#organization"},"alternateName":"Foro Galicia e Valle-Incl\u00e1n","potentialAction":[{"@type":"SearchAction","target":{"@type":"EntryPoint","urlTemplate":"https:\/\/forogaliciaevalleinclan.com\/?s={search_term_string}"},"query-input":{"@type":"PropertyValueSpecification","valueRequired":true,"valueName":"search_term_string"}}],"inLanguage":"es"},{"@type":"Organization","@id":"https:\/\/forogaliciaevalleinclan.com\/#organization","name":"Foro Galicia e Valle-Incl\u00e1n","alternateName":"Foro Galicia e Valle-Incl\u00e1n","url":"https:\/\/forogaliciaevalleinclan.com\/","logo":{"@type":"ImageObject","inLanguage":"es","@id":"https:\/\/forogaliciaevalleinclan.com\/#\/schema\/logo\/image\/","url":"https:\/\/forogaliciaevalleinclan.com\/wp-content\/uploads\/2026\/03\/logo-foro-galicia-e-valle-inclan.png","contentUrl":"https:\/\/forogaliciaevalleinclan.com\/wp-content\/uploads\/2026\/03\/logo-foro-galicia-e-valle-inclan.png","width":810,"height":570,"caption":"Foro Galicia e Valle-Incl\u00e1n"},"image":{"@id":"https:\/\/forogaliciaevalleinclan.com\/#\/schema\/logo\/image\/"}}]}},"_links":{"self":[{"href":"https:\/\/forogaliciaevalleinclan.com\/es\/wp-json\/wp\/v2\/pages\/582","targetHints":{"allow":["GET"]}}],"collection":[{"href":"https:\/\/forogaliciaevalleinclan.com\/es\/wp-json\/wp\/v2\/pages"}],"about":[{"href":"https:\/\/forogaliciaevalleinclan.com\/es\/wp-json\/wp\/v2\/types\/page"}],"author":[{"embeddable":true,"href":"https:\/\/forogaliciaevalleinclan.com\/es\/wp-json\/wp\/v2\/users\/3"}],"replies":[{"embeddable":true,"href":"https:\/\/forogaliciaevalleinclan.com\/es\/wp-json\/wp\/v2\/comments?post=582"}],"version-history":[{"count":13,"href":"https:\/\/forogaliciaevalleinclan.com\/es\/wp-json\/wp\/v2\/pages\/582\/revisions"}],"predecessor-version":[{"id":987,"href":"https:\/\/forogaliciaevalleinclan.com\/es\/wp-json\/wp\/v2\/pages\/582\/revisions\/987"}],"wp:attachment":[{"href":"https:\/\/forogaliciaevalleinclan.com\/es\/wp-json\/wp\/v2\/media?parent=582"}],"curies":[{"name":"wp","href":"https:\/\/api.w.org\/{rel}","templated":true}]}}